{"id":238866,"date":"2023-01-10T16:41:13","date_gmt":"2023-01-10T16:41:13","guid":{"rendered":"https:\/\/vgabogadosyasesores.es\/firma\/"},"modified":"2026-04-23T07:34:18","modified_gmt":"2026-04-23T07:34:18","slug":"equipo","status":"publish","type":"page","link":"https:\/\/vgabogadosyasesores.es\/ro\/equipo\/","title":{"rendered":"Equipo"},"content":{"rendered":"<p>[et_pb_section fb_built=&#8221;1&#8243; _builder_version=&#8221;4.27.4&#8243; _module_preset=&#8221;default&#8221; background_color=&#8221;rgba(0,0,0,0.2)&#8221; background_image=&#8221;https:\/\/vgabogadosyasesores.es\/wp-content\/uploads\/2024\/12\/titlebar.jpg&#8221; background_blend=&#8221;overlay&#8221; custom_padding=&#8221;100px||100px||true|false&#8221; locked=&#8221;off&#8221; global_colors_info=&#8221;{}&#8221;][et_pb_row _builder_version=&#8221;4.19.4&#8243; _module_preset=&#8221;default&#8221; max_width=&#8221;100%&#8221; global_colors_info=&#8221;{}&#8221;][et_pb_column type=&#8221;4_4&#8243; _builder_version=&#8221;4.19.4&#8243; _module_preset=&#8221;default&#8221; global_colors_info=&#8221;{}&#8221;][et_pb_text admin_label=&#8221;titlebar&#8221; _builder_version=&#8221;4.27.4&#8243; _module_preset=&#8221;default&#8221; header_font=&#8221;|700|||||||&#8221; header_font_size=&#8221;35px&#8221; header_line_height=&#8221;1.3em&#8221; background_layout=&#8221;dark&#8221; header_font_size_tablet=&#8221;35px&#8221; header_font_size_phone=&#8221;30px&#8221; header_font_size_last_edited=&#8221;on|phone&#8221; header_text_shadow_style=&#8221;preset3&#8243; global_colors_info=&#8221;{}&#8221;]<\/p>\n<h1>Equipo<\/h1>\n<p>[\/et_pb_text][\/et_pb_column][\/et_pb_row][\/et_pb_section][et_pb_section fb_built=&#8221;1&#8243; _builder_version=&#8221;4.19.4&#8243; _module_preset=&#8221;default&#8221; global_colors_info=&#8221;{}&#8221;][et_pb_row admin_label=&#8221;row&#8221; _builder_version=&#8221;4.16&#8243; background_size=&#8221;initial&#8221; background_position=&#8221;top_left&#8221; background_repeat=&#8221;repeat&#8221; locked=&#8221;off&#8221; global_colors_info=&#8221;{}&#8221;][et_pb_column type=&#8221;4_4&#8243; _builder_version=&#8221;4.16&#8243; custom_padding=&#8221;|||&#8221; global_colors_info=&#8221;{}&#8221; custom_padding__hover=&#8221;|||&#8221;][et_pb_text admin_label=&#8221;anuncio\/blockquote&#8221; _builder_version=&#8221;4.22.1&#8243; _module_preset=&#8221;default&#8221; header_2_line_height=&#8221;1.3em&#8221; header_3_line_height=&#8221;1.3em&#8221; header_4_line_height=&#8221;1.3em&#8221; header_5_line_height=&#8221;1.3em&#8221; text_orientation=&#8221;center&#8221; global_colors_info=&#8221;{}&#8221;]<\/p>\n<blockquote>\n<h3><strong>VG Abogados y Asesores<\/strong>:<\/h3>\n<h4>Esfuerzo, sinceridad, voluntariado, ayuda internacional y profesionalidad.<\/h4>\n<\/blockquote>\n<p>[\/et_pb_text][\/et_pb_column][\/et_pb_row][et_pb_row admin_label=&#8221;row&#8221; _builder_version=&#8221;4.16&#8243; background_size=&#8221;initial&#8221; background_position=&#8221;top_left&#8221; background_repeat=&#8221;repeat&#8221; locked=&#8221;off&#8221; global_colors_info=&#8221;{}&#8221;][et_pb_column type=&#8221;4_4&#8243; _builder_version=&#8221;4.16&#8243; custom_padding=&#8221;|||&#8221; global_colors_info=&#8221;{}&#8221; custom_padding__hover=&#8221;|||&#8221;][et_pb_text _builder_version=&#8221;4.22.1&#8243; _module_preset=&#8221;default&#8221; text_orientation=&#8221;justified&#8221; global_colors_info=&#8221;{}&#8221;]<\/p>\n<p>El despacho dispone de un amplio equipo multidisciplinar de profesionales expertos en los distintos servicios ofrecidos en todo tipo de procedimientos judiciales. Asimismo, trabajamos de forma coordinada para atender tantos los aspectos de asesor\u00eda y gestor\u00eda solicitados por nuestros clientes.<\/p>\n<p>[\/et_pb_text][\/et_pb_column][\/et_pb_row][et_pb_row column_structure=&#8221;1_4,1_2,1_4&#8243; disabled_on=&#8221;on|on|on&#8221; _builder_version=&#8221;4.22.1&#8243; _module_preset=&#8221;default&#8221; disabled=&#8221;on&#8221; locked=&#8221;off&#8221; global_colors_info=&#8221;{}&#8221;][et_pb_column type=&#8221;1_4&#8243; _builder_version=&#8221;4.19.4&#8243; _module_preset=&#8221;default&#8221; global_colors_info=&#8221;{}&#8221;][\/et_pb_column][et_pb_column type=&#8221;1_2&#8243; _builder_version=&#8221;4.19.4&#8243; _module_preset=&#8221;default&#8221; global_colors_info=&#8221;{}&#8221;][et_pb_image src=&#8221;https:\/\/vgabogadosyasesores.es\/wp-content\/uploads\/2023\/01\/firma.jpg&#8221; alt=&#8221;La firma&#8221; title_text=&#8221;firma&#8221; align=&#8221;center&#8221; _builder_version=&#8221;4.19.4&#8243; _module_preset=&#8221;default&#8221; global_colors_info=&#8221;{}&#8221;][\/et_pb_image][\/et_pb_column][et_pb_column type=&#8221;1_4&#8243; _builder_version=&#8221;4.19.4&#8243; _module_preset=&#8221;default&#8221; global_colors_info=&#8221;{}&#8221;][\/et_pb_column][\/et_pb_row][et_pb_row admin_label=&#8221;row&#8221; _builder_version=&#8221;4.22.1&#8243; background_size=&#8221;initial&#8221; background_position=&#8221;top_left&#8221; background_repeat=&#8221;repeat&#8221; custom_padding=&#8221;||0px||false|false&#8221; locked=&#8221;off&#8221; global_colors_info=&#8221;{}&#8221;][et_pb_column type=&#8221;4_4&#8243; _builder_version=&#8221;4.16&#8243; custom_padding=&#8221;|||&#8221; global_colors_info=&#8221;{}&#8221; custom_padding__hover=&#8221;|||&#8221;][et_pb_text admin_label=&#8221;anuncio\/blockquote&#8221; _builder_version=&#8221;4.22.1&#8243; _module_preset=&#8221;default&#8221; header_2_line_height=&#8221;1.3em&#8221; header_3_line_height=&#8221;1.3em&#8221; header_4_line_height=&#8221;1.3em&#8221; header_5_line_height=&#8221;1.3em&#8221; custom_margin=&#8221;||10px||false|false&#8221; locked=&#8221;off&#8221; global_colors_info=&#8221;{}&#8221;]<\/p>\n<h2><strong>Nuestro equipo<\/strong><\/h2>\n<p>[\/et_pb_text][et_pb_divider divider_style=&#8221;double&#8221; divider_weight=&#8221;10px&#8221; _builder_version=&#8221;4.22.1&#8243; _module_preset=&#8221;default&#8221; transform_skew=&#8221;-20deg|0deg&#8221; transform_skew_linked=&#8221;off&#8221; max_width=&#8221;100px&#8221; min_height=&#8221;10px&#8221; global_colors_info=&#8221;{}&#8221;][\/et_pb_divider][\/et_pb_column][\/et_pb_row][et_pb_row column_structure=&#8221;1_2,1_2&#8243; _builder_version=&#8221;4.22.1&#8243; _module_preset=&#8221;default&#8221; global_colors_info=&#8221;{}&#8221;][et_pb_column type=&#8221;1_2&#8243; _builder_version=&#8221;4.22.1&#8243; _module_preset=&#8221;default&#8221; global_colors_info=&#8221;{}&#8221;][et_pb_text _builder_version=&#8221;4.27.4&#8243; _module_preset=&#8221;default&#8221; header_4_line_height=&#8221;1.3em&#8221; text_orientation=&#8221;justified&#8221; custom_margin=&#8221;||0px||false|false&#8221; global_colors_info=&#8221;{}&#8221;]<\/p>\n<h4><strong>Vladimir Gori Gori<\/strong><\/h4>\n<ul>\n<li>Licenciado en Derecho<\/li>\n<li>M\u00e1ster en la Universidad Alcal\u00e1 de Henares<\/li>\n<li>M\u00e1ster en la Universidad de Cantabria<\/li>\n<li>M\u00e1ster de la abogac\u00eda por el ICA Cantabria<\/li>\n<li>Gestor Administrativo<\/li>\n<li>Abogado del Ilustre Colegio de Abogados de Cantabria desde 2013<\/li>\n<li>Especializado en Derecho Penal, Civil, Laboral y Derecho Internacional (Extranjer\u00eda)<\/li>\n<li>Fundador de la firma <strong>VG Abogados y Asesores<\/strong> en 2013<\/li>\n<\/ul>\n<p>[\/et_pb_text][et_pb_blurb title=&#8221;vgabogadosyasesores@gmail.com&#8221; url=&#8221;http:\/\/vgabogadosyasesores@gmail.com&#8221; use_icon=&#8221;on&#8221; font_icon=&#8221;&#xf674;||fa||900&#8243; icon_placement=&#8221;left&#8221; content_max_width=&#8221;100%&#8221; _builder_version=&#8221;4.27.4&#8243; _module_preset=&#8221;default&#8221; header_level=&#8221;h5&#8243; header_font=&#8221;|700|||||||&#8221; header_text_color=&#8221;#00a0c6&#8243; header_line_height=&#8221;2em&#8221; custom_margin=&#8221;||10px||false|false&#8221; global_colors_info=&#8221;{}&#8221; icon_color__hover_enabled=&#8221;on|desktop&#8221; icon_color__hover=&#8221;#0a1d50&#8243; header_text_color__hover_enabled=&#8221;on|hover&#8221; header_text_color__hover=&#8221;#0a1d50&#8243;][\/et_pb_blurb][et_pb_blurb title=&#8221;942 138 555&#8243; url=&#8221;tel:+34942138555&#8243; use_icon=&#8221;on&#8221; font_icon=&#8221;&#xf2a0;||fa||900&#8243; icon_placement=&#8221;left&#8221; content_max_width=&#8221;100%&#8221; _builder_version=&#8221;4.22.1&#8243; _module_preset=&#8221;default&#8221; header_level=&#8221;h5&#8243; header_font=&#8221;|700|||||||&#8221; header_text_color=&#8221;#00a0c6&#8243; header_line_height=&#8221;2em&#8221; global_colors_info=&#8221;{}&#8221; header_text_color__hover=&#8221;#0a1d50&#8243; header_text_color__hover_enabled=&#8221;on|hover&#8221; icon_color__hover=&#8221;#0a1d50&#8243; icon_color__hover_enabled=&#8221;on|desktop&#8221;][\/et_pb_blurb][\/et_pb_column][et_pb_column type=&#8221;1_2&#8243; _builder_version=&#8221;4.22.1&#8243; _module_preset=&#8221;default&#8221; global_colors_info=&#8221;{}&#8221;][et_pb_text _builder_version=&#8221;4.27.4&#8243; _module_preset=&#8221;default&#8221; header_4_line_height=&#8221;1.3em&#8221; text_orientation=&#8221;justified&#8221; custom_margin=&#8221;||0px||false|false&#8221; global_colors_info=&#8221;{}&#8221;]<\/p>\n<h4><strong>Cristina Gori Gori<\/strong><\/h4>\n<ul>\n<li>\n<p style=\"margin: 0cm; margin-bottom: .0001pt; text-align: justify;\"><span style=\"color: black;\">Licenciada en Econom\u00eda\u00a0<\/span><\/p>\n<\/li>\n<li>\n<p style=\"margin: 0cm; margin-bottom: .0001pt; text-align: justify;\"><span style=\"color: black;\"><\/span><o:p><\/o:p><span style=\"white-space: pre-wrap;\"><span style=\"color: black;\">M\u00e1ster en Contabilidad y Auditor\u00eda por la Universidad de Cantabria\u00a0<\/span><\/span><\/p>\n<\/li>\n<li>\n<p style=\"margin: 0cm; margin-bottom: .0001pt; text-align: justify;\"><span style=\"white-space: pre-wrap;\"><span style=\"color: black;\"><\/span><\/span><o:p><\/o:p><span style=\"white-space: pre-wrap;\"><span style=\"color: black;\">M\u00e1ster en Tributaci\u00f3n por la Universidad de Cantabria\u00a0<\/span><\/span><\/p>\n<\/li>\n<li>\n<p style=\"margin: 0cm; margin-bottom: .0001pt; text-align: justify;\"><span style=\"white-space: pre-wrap;\"><span style=\"color: black;\"><\/span><\/span><o:p><\/o:p><span style=\"white-space: pre-wrap;\"><span style=\"color: black;\">M\u00e1ster de Instrumentos del An\u00e1lisis Econ\u00f3mico\u00a0<\/span><\/span><\/p>\n<\/li>\n<li>\n<p style=\"margin: 0cm; margin-bottom: .0001pt; text-align: justify;\"><span style=\"white-space: pre-wrap;\"><span style=\"color: black;\"><\/span><\/span><o:p><\/o:p><span style=\"white-space: pre-wrap;\"><span style=\"color: black;\">Especializada en Asesor\u00eda y consultor\u00eda.<\/span><\/span><\/p>\n<\/li>\n<li>\n<p style=\"margin: 0cm; margin-bottom: .0001pt; text-align: justify;\"><span style=\"white-space: pre-wrap;\"><span style=\"color: black;\"><\/span><\/span><o:p><\/o:p><span style=\"white-space: pre-wrap;\"><span style=\"color: black;\">Fundadora de la asesor\u00eda <\/span><b>ESMART CONSULTING<\/b> en 2013<\/span><\/p>\n<\/li>\n<\/ul>\n<p>[\/et_pb_text][et_pb_blurb title=&#8221;asesoria@esmartconsulting.es&#8221; url=&#8221;mailto:asesoria@esmartconsulting.es&#8221; use_icon=&#8221;on&#8221; font_icon=&#8221;&#xf674;||fa||900&#8243; icon_placement=&#8221;left&#8221; content_max_width=&#8221;100%&#8221; _builder_version=&#8221;4.27.4&#8243; _module_preset=&#8221;default&#8221; header_level=&#8221;h5&#8243; header_font=&#8221;|700|||||||&#8221; header_text_color=&#8221;#00a0c6&#8243; header_line_height=&#8221;2em&#8221; custom_margin=&#8221;||10px||false|false&#8221; global_colors_info=&#8221;{}&#8221; icon_color__hover_enabled=&#8221;on|desktop&#8221; icon_color__hover=&#8221;#0a1d50&#8243; header_text_color__hover_enabled=&#8221;on|hover&#8221; header_text_color__hover=&#8221;#0a1d50&#8243;][\/et_pb_blurb][et_pb_blurb title=&#8221;942 138 555&#8243; url=&#8221;tel:+34942138555&#8243; use_icon=&#8221;on&#8221; font_icon=&#8221;&#xf2a0;||fa||900&#8243; icon_placement=&#8221;left&#8221; content_max_width=&#8221;100%&#8221; _builder_version=&#8221;4.22.1&#8243; _module_preset=&#8221;default&#8221; header_level=&#8221;h5&#8243; header_font=&#8221;|700|||||||&#8221; header_text_color=&#8221;#00a0c6&#8243; header_line_height=&#8221;2em&#8221; global_colors_info=&#8221;{}&#8221; header_text_color__hover=&#8221;#0a1d50&#8243; header_text_color__hover_enabled=&#8221;on|hover&#8221; icon_color__hover=&#8221;#0a1d50&#8243; icon_color__hover_enabled=&#8221;on|desktop&#8221;][\/et_pb_blurb][\/et_pb_column][\/et_pb_row][et_pb_row column_structure=&#8221;1_2,1_2&#8243; _builder_version=&#8221;4.22.1&#8243; _module_preset=&#8221;default&#8221; global_colors_info=&#8221;{}&#8221;][et_pb_column type=&#8221;1_2&#8243; _builder_version=&#8221;4.22.1&#8243; _module_preset=&#8221;default&#8221; global_colors_info=&#8221;{}&#8221;][et_pb_text _builder_version=&#8221;4.22.1&#8243; _module_preset=&#8221;default&#8221; header_4_line_height=&#8221;1.3em&#8221; text_orientation=&#8221;justified&#8221; custom_margin=&#8221;||0px||false|false&#8221; global_colors_info=&#8221;{}&#8221;]<\/p>\n<h4><strong>Jorge Ar\u00edztegui Hoya<\/strong><\/h4>\n<ul>\n<li>Graduado en Derecho por la Universidad de Cantabria<\/li>\n<li>Formaci\u00f3n en la Universidad Federico II de N\u00e1poles<\/li>\n<li>M\u00e1ster de la abogac\u00eda por el ICA Cantabria<\/li>\n<li>Vicepresidente de la Agrupaci\u00f3n de la Joven Abogac\u00eda de Cantabria<\/li>\n<li>Abogado del Ilustre Colegio de Abogados de Cantabria desde 2021<\/li>\n<li>Especializado en Derecho P\u00fablico (Penal, Procesal, Administrativo\u2026), as\u00ed como en Derecho Privado (Contratos, Derecho de Familia -herencias, divorcios-)<\/li>\n<\/ul>\n<p>[\/et_pb_text][et_pb_blurb title=&#8221;vgabogadosyasesores@gmail.com&#8221; url=&#8221;mailto:vgabogadosyasesores@gmail.com&#8221; use_icon=&#8221;on&#8221; font_icon=&#8221;&#xf674;||fa||900&#8243; icon_placement=&#8221;left&#8221; content_max_width=&#8221;100%&#8221; _builder_version=&#8221;4.27.4&#8243; _module_preset=&#8221;default&#8221; header_level=&#8221;h5&#8243; header_font=&#8221;|700|||||||&#8221; header_text_color=&#8221;#00a0c6&#8243; header_line_height=&#8221;2em&#8221; custom_margin=&#8221;||10px||false|false&#8221; locked=&#8221;off&#8221; global_colors_info=&#8221;{}&#8221; icon_color__hover_enabled=&#8221;on|desktop&#8221; icon_color__hover=&#8221;#0a1d50&#8243; header_text_color__hover_enabled=&#8221;on|hover&#8221; header_text_color__hover=&#8221;#0a1d50&#8243;][\/et_pb_blurb][et_pb_blurb title=&#8221;+34 641 599 288&#8243; url=&#8221;tel:+34641599288&#8243; use_icon=&#8221;on&#8221; font_icon=&#8221;&#xf2a0;||fa||900&#8243; icon_placement=&#8221;left&#8221; content_max_width=&#8221;100%&#8221; _builder_version=&#8221;4.27.4&#8243; _module_preset=&#8221;default&#8221; header_level=&#8221;h5&#8243; header_font=&#8221;|700|||||||&#8221; header_text_color=&#8221;#00a0c6&#8243; header_line_height=&#8221;2em&#8221; locked=&#8221;off&#8221; global_colors_info=&#8221;{}&#8221; header_text_color__hover=&#8221;#0a1d50&#8243; header_text_color__hover_enabled=&#8221;on|hover&#8221; icon_color__hover=&#8221;#0a1d50&#8243; icon_color__hover_enabled=&#8221;on|desktop&#8221;][\/et_pb_blurb][\/et_pb_column][et_pb_column type=&#8221;1_2&#8243; _builder_version=&#8221;4.22.1&#8243; _module_preset=&#8221;default&#8221; global_colors_info=&#8221;{}&#8221;][et_pb_text _builder_version=&#8221;4.22.1&#8243; _module_preset=&#8221;default&#8221; header_4_line_height=&#8221;1.3em&#8221; text_orientation=&#8221;justified&#8221; custom_margin=&#8221;||0px||false|false&#8221; global_colors_info=&#8221;{}&#8221;]<\/p>\n<h4><strong>Tatiana Nichkova<\/strong><\/h4>\n<ul>\n<li>Graduada superior en administraci\u00f3n y finanzas<\/li>\n<li>T\u00e9cnico de gesti\u00f3n administrativa<\/li>\n<li>T\u00e9cnico en gesti\u00f3n fiscal<\/li>\n<li>Especializada en tramitaci\u00f3n de expedientes y gesti\u00f3n de sistemas<\/li>\n<\/ul>\n<p>[\/et_pb_text][et_pb_blurb title=&#8221;asesoria@esmartconsulting.es&#8221; url=&#8221;mailto:asesoria@esmartconsulting.es&#8221; use_icon=&#8221;on&#8221; font_icon=&#8221;&#xf674;||fa||900&#8243; icon_placement=&#8221;left&#8221; content_max_width=&#8221;100%&#8221; _builder_version=&#8221;4.27.4&#8243; _module_preset=&#8221;default&#8221; header_level=&#8221;h5&#8243; header_font=&#8221;|700|||||||&#8221; header_text_color=&#8221;#00a0c6&#8243; header_line_height=&#8221;2em&#8221; custom_margin=&#8221;||10px||false|false&#8221; locked=&#8221;off&#8221; global_colors_info=&#8221;{}&#8221; icon_color__hover_enabled=&#8221;on|desktop&#8221; icon_color__hover=&#8221;#0a1d50&#8243; header_text_color__hover_enabled=&#8221;on|hover&#8221; header_text_color__hover=&#8221;#0a1d50&#8243;][\/et_pb_blurb][et_pb_blurb title=&#8221;+34 611 621 823&#8243; url=&#8221;tel:+34611621823&#8243; use_icon=&#8221;on&#8221; font_icon=&#8221;&#xf2a0;||fa||900&#8243; icon_placement=&#8221;left&#8221; content_max_width=&#8221;100%&#8221; _builder_version=&#8221;4.22.1&#8243; _module_preset=&#8221;default&#8221; header_level=&#8221;h5&#8243; header_font=&#8221;|700|||||||&#8221; header_text_color=&#8221;#00a0c6&#8243; header_line_height=&#8221;2em&#8221; locked=&#8221;off&#8221; global_colors_info=&#8221;{}&#8221; header_text_color__hover=&#8221;#0a1d50&#8243; header_text_color__hover_enabled=&#8221;on|hover&#8221; icon_color__hover=&#8221;#0a1d50&#8243; icon_color__hover_enabled=&#8221;on|desktop&#8221;][\/et_pb_blurb][\/et_pb_column][\/et_pb_row][et_pb_row column_structure=&#8221;1_2,1_2&#8243; _builder_version=&#8221;4.22.1&#8243; _module_preset=&#8221;default&#8221; global_colors_info=&#8221;{}&#8221;][et_pb_column type=&#8221;1_2&#8243; _builder_version=&#8221;4.22.1&#8243; _module_preset=&#8221;default&#8221; global_colors_info=&#8221;{}&#8221;][et_pb_text _builder_version=&#8221;4.22.1&#8243; _module_preset=&#8221;default&#8221; header_4_line_height=&#8221;1.3em&#8221; text_orientation=&#8221;justified&#8221; custom_margin=&#8221;||0px||false|false&#8221; global_colors_info=&#8221;{}&#8221;]<\/p>\n<h4><strong>Andrea Gonz\u00e1lez Valle<\/strong><\/h4>\n<ul>\n<li>Graduada en Derecho por la Universidad de Cantabria<\/li>\n<li>M\u00e1ster de la Abogac\u00eda por ICA Cantabria<\/li>\n<li>M\u00e1ster Universitario en Formaci\u00f3n del Profesorado de Educaci\u00f3n Secundaria Obligatoria y Bachillerato, Formaci\u00f3n Profesional.<\/li>\n<li>Abogada del Ilustre Colegio de la Abogac\u00eda de Cantabria<\/li>\n<li>Vocal de la Agrupaci\u00f3n de la Joven Abogac\u00eda de Cantabria<\/li>\n<li>Especializada en Derecho Penal, Derecho de Familia, Civil y Laboral<\/li>\n<\/ul>\n<p>[\/et_pb_text][et_pb_blurb title=&#8221;vgabogadosyasesores@gmail.com&#8221; url=&#8221;mailto:vgabogadosyasesores@gmail.com&#8221; use_icon=&#8221;on&#8221; font_icon=&#8221;&#xf674;||fa||900&#8243; icon_placement=&#8221;left&#8221; content_max_width=&#8221;100%&#8221; _builder_version=&#8221;4.27.4&#8243; _module_preset=&#8221;default&#8221; header_level=&#8221;h5&#8243; header_font=&#8221;|700|||||||&#8221; header_text_color=&#8221;#00a0c6&#8243; header_line_height=&#8221;2em&#8221; custom_margin=&#8221;||10px||false|false&#8221; locked=&#8221;off&#8221; global_colors_info=&#8221;{}&#8221; icon_color__hover_enabled=&#8221;on|desktop&#8221; icon_color__hover=&#8221;#0a1d50&#8243; header_text_color__hover_enabled=&#8221;on|hover&#8221; header_text_color__hover=&#8221;#0a1d50&#8243;][\/et_pb_blurb][et_pb_blurb title=&#8221;+34 623 193 339&#8243; url=&#8221;tel:+34623193339&#8243; use_icon=&#8221;on&#8221; font_icon=&#8221;&#xf2a0;||fa||900&#8243; icon_placement=&#8221;left&#8221; content_max_width=&#8221;100%&#8221; _builder_version=&#8221;4.27.4&#8243; _module_preset=&#8221;default&#8221; header_level=&#8221;h5&#8243; header_font=&#8221;|700|||||||&#8221; header_text_color=&#8221;#00a0c6&#8243; header_line_height=&#8221;2em&#8221; locked=&#8221;off&#8221; global_colors_info=&#8221;{}&#8221; header_text_color__hover=&#8221;#0a1d50&#8243; header_text_color__hover_enabled=&#8221;on|hover&#8221; icon_color__hover=&#8221;#0a1d50&#8243; icon_color__hover_enabled=&#8221;on|desktop&#8221;][\/et_pb_blurb][\/et_pb_column][et_pb_column type=&#8221;1_2&#8243; _builder_version=&#8221;4.22.1&#8243; _module_preset=&#8221;default&#8221; global_colors_info=&#8221;{}&#8221;][\/et_pb_column][\/et_pb_row][et_pb_row admin_label=&#8221;row&#8221; _builder_version=&#8221;4.16&#8243; background_size=&#8221;initial&#8221; background_position=&#8221;top_left&#8221; background_repeat=&#8221;repeat&#8221; locked=&#8221;off&#8221; global_colors_info=&#8221;{}&#8221;][et_pb_column type=&#8221;4_4&#8243; _builder_version=&#8221;4.16&#8243; custom_padding=&#8221;|||&#8221; global_colors_info=&#8221;{}&#8221; custom_padding__hover=&#8221;|||&#8221;][et_pb_text admin_label=&#8221;anuncio\/blockquote&#8221; _builder_version=&#8221;4.22.1&#8243; _module_preset=&#8221;default&#8221; header_2_line_height=&#8221;1.3em&#8221; header_3_line_height=&#8221;1.3em&#8221; header_4_line_height=&#8221;1.3em&#8221; header_5_line_height=&#8221;1.3em&#8221; text_orientation=&#8221;center&#8221; global_colors_info=&#8221;{}&#8221;]<\/p>\n<h4>VG ABOGADOS y ESMART CONSULTING te ofrecen una atenci\u00f3n integral de calidad en todos los servicios que requieras. Para ello, disponemos de un equipo multidisciplinar de profesionales expertos en cada una de las \u00e1reas tratadas que te atender\u00e1 con la cercan\u00eda y efectividad que buscas.<\/h4>\n<p>[\/et_pb_text][\/et_pb_column][\/et_pb_row][et_pb_row column_structure=&#8221;1_2,1_2&#8243; _builder_version=&#8221;4.27.4&#8243; _module_preset=&#8221;default&#8221; custom_padding=&#8221;0px||||false|false&#8221; locked=&#8221;off&#8221; global_colors_info=&#8221;{}&#8221; theme_builder_area=&#8221;post_content&#8221;][et_pb_column type=&#8221;1_2&#8243; _builder_version=&#8221;4.22.1&#8243; _module_preset=&#8221;default&#8221; global_colors_info=&#8221;{}&#8221; theme_builder_area=&#8221;post_content&#8221;][et_pb_image src=&#8221;https:\/\/vgabogadosyasesores.es\/wp-content\/uploads\/2026\/04\/logo-vg-abogados-1.png&#8221; title_text=&#8221;logo&#8221; align=&#8221;center&#8221; _builder_version=&#8221;4.27.4&#8243; _module_preset=&#8221;default&#8221; width=&#8221;50%&#8221; global_colors_info=&#8221;{}&#8221; theme_builder_area=&#8221;post_content&#8221;][\/et_pb_image][\/et_pb_column][et_pb_column type=&#8221;1_2&#8243; _builder_version=&#8221;4.22.1&#8243; _module_preset=&#8221;default&#8221; global_colors_info=&#8221;{}&#8221; theme_builder_area=&#8221;post_content&#8221;][et_pb_image src=&#8221;https:\/\/vgabogadosyasesores.es\/wp-content\/uploads\/2026\/04\/logo-esmart-consulting.png&#8221; alt=&#8221;Esmart Consulting &#8211; Asesor\u00eda y Gestor\u00eda&#8221; title_text=&#8221;esmart-consulting-logo&#8221; align=&#8221;center&#8221; _builder_version=&#8221;4.27.4&#8243; _module_preset=&#8221;default&#8221; width=&#8221;50%&#8221; global_colors_info=&#8221;{}&#8221; theme_builder_area=&#8221;post_content&#8221;][\/et_pb_image][\/et_pb_column][\/et_pb_row][\/et_pb_section][et_pb_section fb_built=&#8221;1&#8243; _builder_version=&#8221;4.19.4&#8243; _module_preset=&#8221;default&#8221; background_color=&#8221;rgba(0,0,0,0.25)&#8221; background_image=&#8221;https:\/\/vgabogadosyasesores.es\/wp-content\/uploads\/2023\/01\/banner.jpg&#8221; background_blend=&#8221;multiply&#8221; custom_padding=&#8221;150px||150px||true|false&#8221; animation_style=&#8221;slide&#8221; animation_direction=&#8221;bottom&#8221; animation_duration=&#8221;3000ms&#8221; animation_delay=&#8221;500ms&#8221; locked=&#8221;off&#8221; global_colors_info=&#8221;{}&#8221;][et_pb_row _builder_version=&#8221;4.19.4&#8243; _module_preset=&#8221;default&#8221; global_colors_info=&#8221;{}&#8221;][et_pb_column type=&#8221;4_4&#8243; _builder_version=&#8221;4.19.4&#8243; _module_preset=&#8221;default&#8221; global_colors_info=&#8221;{}&#8221;][et_pb_text admin_label=&#8221;banner&#8221; _builder_version=&#8221;4.22.1&#8243; _module_preset=&#8221;default&#8221; header_3_font_size=&#8221;25px&#8221; header_4_font_size=&#8221;22px&#8221; text_orientation=&#8221;center&#8221; background_layout=&#8221;dark&#8221; header_3_text_shadow_style=&#8221;preset3&#8243; header_3_text_shadow_color=&#8221;#000000&#8243; header_4_text_shadow_style=&#8221;preset3&#8243; header_4_text_shadow_color=&#8221;#000000&#8243; global_colors_info=&#8221;{}&#8221;]<\/p>\n<h3><strong>VG Abogados y Asesores<\/strong>:<\/h3>\n<h4><strong>Podemos atenderte en castellano, rumano, ingl\u00e9s, moldavo, ruso e italiano.<\/strong><\/h4>\n<h4>\u00a0<\/h4>\n<p>[\/et_pb_text][\/et_pb_column][\/et_pb_row][\/et_pb_section]<\/p>\n","protected":false},"excerpt":{"rendered":"<p>Equipo VG Abogados y Asesores: Esfuerzo, sinceridad, voluntariado, ayuda internacional y profesionalidad. El despacho dispone de un amplio equipo multidisciplinar de profesionales expertos en los distintos servicios ofrecidos en todo tipo de procedimientos judiciales. Asimismo, trabajamos de forma coordinada para atender tantos los aspectos de asesor\u00eda y gestor\u00eda solicitados por nuestros clientes.Nuestro equipoVladimir Gori Gori [&hellip;]<\/p>\n","protected":false},"author":1,"featured_media":0,"parent":0,"menu_order":0,"comment_status":"closed","ping_status":"closed","template":"","meta":{"_et_pb_use_builder":"on","_et_pb_old_content":"","_et_gb_content_width":"","footnotes":""},"class_list":["post-238866","page","type-page","status-publish","hentry"],"aioseo_notices":[],"_links":{"self":[{"href":"https:\/\/vgabogadosyasesores.es\/ro\/wp-json\/wp\/v2\/pages\/238866","targetHints":{"allow":["GET"]}}],"collection":[{"href":"https:\/\/vgabogadosyasesores.es\/ro\/wp-json\/wp\/v2\/pages"}],"about":[{"href":"https:\/\/vgabogadosyasesores.es\/ro\/wp-json\/wp\/v2\/types\/page"}],"author":[{"embeddable":true,"href":"https:\/\/vgabogadosyasesores.es\/ro\/wp-json\/wp\/v2\/users\/1"}],"replies":[{"embeddable":true,"href":"https:\/\/vgabogadosyasesores.es\/ro\/wp-json\/wp\/v2\/comments?post=238866"}],"version-history":[{"count":7,"href":"https:\/\/vgabogadosyasesores.es\/ro\/wp-json\/wp\/v2\/pages\/238866\/revisions"}],"predecessor-version":[{"id":239183,"href":"https:\/\/vgabogadosyasesores.es\/ro\/wp-json\/wp\/v2\/pages\/238866\/revisions\/239183"}],"wp:attachment":[{"href":"https:\/\/vgabogadosyasesores.es\/ro\/wp-json\/wp\/v2\/media?parent=238866"}],"curies":[{"name":"wp","href":"https:\/\/api.w.org\/{rel}","templated":true}]}}